{"id":1600,"date":"2023-11-14T10:48:27","date_gmt":"2023-11-14T09:48:27","guid":{"rendered":"https:\/\/www.campinglesclos.com\/home\/"},"modified":"2026-01-15T12:28:41","modified_gmt":"2026-01-15T11:28:41","slug":"home","status":"publish","type":"page","link":"https:\/\/www.campinglesclos.com\/nl\/","title":{"rendered":"Home"},"content":{"rendered":"<section id=\"ls-section-block_2debc16860bbe1d5d85571a1e9bb2394\" class=\"ls-section  home-intro\" >\r\n        <div class=\"container container--wide\">\r\n        \n\n<div class=\"wp-block-columns parent is-layout-flex wp-container-core-columns-is-layout-9d6595d7 wp-block-columns-is-layout-flex\">\n<div class=\"wp-block-column first is-layout-flow wp-block-column-is-layout-flow\" style=\"flex-basis:30%\">\n<figure class=\"wp-block-image size-large one animated fadeIn delay-100ms slow\"><a href=\"https:\/\/www.campinglesclos.com\/wp-content\/uploads\/2023\/11\/camping-les-clos-a-nyons-proche-de-la-riviere.webp\"><img decoding=\"async\" width=\"1024\" height=\"768\" src=\"https:\/\/www.campinglesclos.com\/wp-content\/uploads\/2023\/11\/camping-les-clos-a-nyons-proche-de-la-riviere-1024x768.webp\" alt=\"rivier eygues nyons\" class=\"wp-image-222\" srcset=\"https:\/\/www.campinglesclos.com\/wp-content\/uploads\/2023\/11\/camping-les-clos-a-nyons-proche-de-la-riviere-1024x768.webp 1024w, https:\/\/www.campinglesclos.com\/wp-content\/uploads\/2023\/11\/camping-les-clos-a-nyons-proche-de-la-riviere-300x225.webp 300w, https:\/\/www.campinglesclos.com\/wp-content\/uploads\/2023\/11\/camping-les-clos-a-nyons-proche-de-la-riviere-768x576.webp 768w, https:\/\/www.campinglesclos.com\/wp-content\/uploads\/2023\/11\/camping-les-clos-a-nyons-proche-de-la-riviere-1536x1152.webp 1536w, https:\/\/www.campinglesclos.com\/wp-content\/uploads\/2023\/11\/camping-les-clos-a-nyons-proche-de-la-riviere.webp 1600w\" sizes=\"(max-width: 1024px) 100vw, 1024px\" \/><\/a><\/figure>\n\n\n\n<figure class=\"wp-block-image size-full two animated fadeIn delay-100ms slow\"><img decoding=\"async\" width=\"1000\" height=\"667\" src=\"https:\/\/www.campinglesclos.com\/wp-content\/uploads\/2023\/11\/oliviers.webp\" alt=\"olivier drome\" class=\"wp-image-237\" srcset=\"https:\/\/www.campinglesclos.com\/wp-content\/uploads\/2023\/11\/oliviers.webp 1000w, https:\/\/www.campinglesclos.com\/wp-content\/uploads\/2023\/11\/oliviers-300x200.webp 300w, https:\/\/www.campinglesclos.com\/wp-content\/uploads\/2023\/11\/oliviers-768x512.webp 768w\" sizes=\"(max-width: 1000px) 100vw, 1000px\" \/><figcaption class=\"wp-element-caption\">Het enige verschil<br\/>tussen <strong>Nyons<\/strong> en <strong>het paradijs<\/strong> is dat je in Nyons,<br\/>, heel erg leeft. <mark style=\"background-color:rgba(0, 0, 0, 0)\" class=\"has-inline-color has-color-white-color\">Ren\u00e9 Barjavel<\/mark><\/figcaption><\/figure>\n\n\n\n<div class=\"wp-block-columns text is-layout-flex wp-container-core-columns-is-layout-9d6595d7 wp-block-columns-is-layout-flex\">\n<div class=\"wp-block-column is-layout-flow wp-block-column-is-layout-flow\">\n<p class=\"ls-paragraph\">De <strong>camping<\/strong> ligt vlakbij de stad <strong>Nyons<\/strong> en zijn winkels (1,4 km), en op slechts 15 km van <strong>Vaison-la-Romaine<\/strong>, 50 km van <strong>Mont\u00e9limar<\/strong> en 70 km van<strong>Avignon<\/strong>.<\/p>\n\n\n\n<p class=\"ls-paragraph\">Een ideale locatie om te genieten van alle rijkdommen van de Dr\u00f4me en tegelijkertijd te profiteren van <strong>comfortabele<\/strong> faciliteiten in een <strong>rustige omgeving<\/strong>.<\/p>\n<\/div>\n<\/div>\n<\/div>\n\n\n\n<div class=\"wp-block-column second is-layout-flow wp-block-column-is-layout-flow\" style=\"flex-basis:70%\">\n<div class=\"wp-block-columns child-one is-layout-flex wp-container-core-columns-is-layout-9d6595d7 wp-block-columns-is-layout-flex\">\n<div class=\"wp-block-column is-layout-flow wp-block-column-is-layout-flow\">\n<figure class=\"wp-block-image size-large animated fadeIn delay-200ms slow\"><a href=\"https:\/\/www.campinglesclos.com\/wp-content\/uploads\/2023\/11\/camping-les-clos-a-nyons-dans-la-drome.webp\"><img decoding=\"async\" width=\"1024\" height=\"683\" src=\"https:\/\/www.campinglesclos.com\/wp-content\/uploads\/2023\/11\/camping-les-clos-a-nyons-dans-la-drome-1024x683.webp\" alt=\"nyons romeinse brug\" class=\"wp-image-204\" srcset=\"https:\/\/www.campinglesclos.com\/wp-content\/uploads\/2023\/11\/camping-les-clos-a-nyons-dans-la-drome-1024x683.webp 1024w, https:\/\/www.campinglesclos.com\/wp-content\/uploads\/2023\/11\/camping-les-clos-a-nyons-dans-la-drome-300x200.webp 300w, https:\/\/www.campinglesclos.com\/wp-content\/uploads\/2023\/11\/camping-les-clos-a-nyons-dans-la-drome-768x512.webp 768w, https:\/\/www.campinglesclos.com\/wp-content\/uploads\/2023\/11\/camping-les-clos-a-nyons-dans-la-drome.webp 1328w\" sizes=\"(max-width: 1024px) 100vw, 1024px\" \/><\/a><\/figure>\n<\/div>\n\n\n\n<div class=\"wp-block-column is-layout-flow wp-block-column-is-layout-flow\">\n<div class=\"wp-block-columns text is-layout-flex wp-container-core-columns-is-layout-9d6595d7 wp-block-columns-is-layout-flex\">\n<div class=\"wp-block-column is-layout-flow wp-block-column-is-layout-flow\">\n<h1 class=\"ls__heading wp-block-heading\"><em>Ontspannende<\/em> vakantie<br\/>op de camping in<br\/>la Dr\u00f4me<\/h1>\n\n\n\n<p class=\"ls-paragraph\"><strong>Camping &#8220;Les Clos&#8221;<\/strong> heet u van harte welkom in de Dr\u00f4me Proven\u00e7ale.<\/p>\n\n\n\n<p class=\"ls-paragraph\">Op zoek naar rust en stilte? &#8220;Les Clos&#8221;, een familiecamping aan de rand van de rivier en omgeven door olijfbomen, biedt je de zon van de Provence in Nyons voor een rustgevende en ontspannen vakantie.<\/p>\n<\/div>\n<\/div>\n<\/div>\n<\/div>\n\n\n\n<div class=\"wp-block-columns child-two is-layout-flex wp-container-core-columns-is-layout-9d6595d7 wp-block-columns-is-layout-flex\">\n<div class=\"wp-block-column is-layout-flow wp-block-column-is-layout-flow\">\n<iframe width=\"853\" height=\"480\" src=\"https:\/\/my.matterport.com\/show\/?m=WJum75pb2mP\" frameborder=\"0\" allowfullscreen=\"\" allow=\"autoplay; fullscreen; web-share; xr-spatial-tracking;\"><\/iframe>\n<\/div>\n\n\n\n<div class=\"wp-block-column is-layout-flow wp-block-column-is-layout-flow\">\n<figure class=\"wp-block-image size-full last animated fadeIn delay-500ms slow\"><a href=\"https:\/\/www.campinglesclos.com\/wp-content\/uploads\/2023\/11\/camping-les-clos-a-nyons-avec-terrain-de-patanque.webp\"><img decoding=\"async\" width=\"1024\" height=\"768\" src=\"https:\/\/www.campinglesclos.com\/wp-content\/uploads\/2023\/11\/camping-les-clos-a-nyons-avec-terrain-de-patanque.webp\" alt=\"jeu de boules nyons\" class=\"wp-image-195\" srcset=\"https:\/\/www.campinglesclos.com\/wp-content\/uploads\/2023\/11\/camping-les-clos-a-nyons-avec-terrain-de-patanque.webp 1024w, https:\/\/www.campinglesclos.com\/wp-content\/uploads\/2023\/11\/camping-les-clos-a-nyons-avec-terrain-de-patanque-300x225.webp 300w, https:\/\/www.campinglesclos.com\/wp-content\/uploads\/2023\/11\/camping-les-clos-a-nyons-avec-terrain-de-patanque-768x576.webp 768w\" sizes=\"(max-width: 1024px) 100vw, 1024px\" \/><\/a><\/figure>\n<\/div>\n<\/div>\n<\/div>\n<\/div>\n\n\r\n    <\/div>\r\n<\/section><section id=\"ls-section-block_bb169af4dd3e218fd59b397b99183376\" class=\"ls-section  home-atouts has-background-image has-parallax has-background has-color-1-background-color has-p-t p-t-8 has-p-b p-b-14\" >\r\n    <div class=\"ls-section__background-image opacity-10\"><img decoding=\"async\" src=\"https:\/\/www.campinglesclos.com\/wp-content\/uploads\/2023\/11\/camping-les-clos-a-nyons-entoure-doliviers.webp\" alt=\"olivier nyons\"><\/div>    <div class=\"container container--wide\">\r\n        \n\n<h2 class=\"ls__heading wp-block-heading has-text-align-center\">De <em>voordelen van<\/em> kamperen<\/h2>\n\n\n\n<div class=\"atouts\">\n\n<div class=\"atout\"><i class=\"clos-icon-nature animated flipInX slow\"><\/i><div><span class=\"title\">Natuur en\nrust<\/span><span class=\"content\">Een schaduwrijke camping waar je kunt ontspannen onder de olijfbomen. Een moment van rust midden in de natuur.<\/span><\/div><\/div>\n<div class=\"atout\"><i class=\"clos-proximite animated flipInX slow delay-100ms\"><\/i><div><span class=\"title\">Strategische ligging<\/span><span class=\"content\">1,4 km van het dorpscentrum.\nDicht bij dorpsvoorzieningen en markten.<\/span><\/div><\/div>\n\n<div class=\"atout\"><i class=\"clos-icon-plage animated flipInX slow delay-200ms\"><\/i><div><span class=\"title\">Priv\u00e9strand<\/span><span class=\"content\">Exclusieve toegang tot ons priv\u00e9strand. Geniet van de zon en de rivier op een steenworp afstand van je tent.<\/span><\/div><\/div>\n\n<div class=\"atout\"><i class=\"clos-icon-navette animated flipInX slow delay-500ms\"><\/i><div><span class=\"title\">Shuttle\npraktisch<\/span><span class=\"content\">Een pendelbus die je naar de markt brengt en het dorp verkent zonder gedoe met parkeren.<\/span><\/div><\/div>\n\n<\/div>\n\n\r\n    <\/div>\r\n<\/section><section id=\"ls-section-block_15a86f9b684e56ec8d1b162f9537e04e\" class=\"ls-section  home-riviere has-p-t p-t-14 has-p-b p-b-14\" >\r\n        <div class=\"container container--full\">\r\n        \n\n<div class=\"wp-block-columns is-layout-flex wp-container-core-columns-is-layout-9d6595d7 wp-block-columns-is-layout-flex\">\n<div class=\"wp-block-column first is-layout-flow wp-block-column-is-layout-flow\" style=\"flex-basis:40%\">\n<h2 class=\"ls__heading wp-block-heading\">Camping <em>aan de rivier<\/em> <br\/>in de Dr\u00f4me<\/h2>\n\n\n\n<p class=\"ls-paragraph\">Ontdek de rust van de Dr\u00f4me Proven\u00e7ale tijdens een verblijf op onze <a href=\"https:\/\/www.campinglesclos.com\/nl\/camping-bord-riviere-nyons\/\">camping aan de oever van de rustige <strong>rivier de Eygues<\/strong><\/a>. Op het programma staan veel ontspanning en gevarieerde activiteiten.  <\/p>\n\n\n\n<p class=\"ls-paragraph\">De <strong>rivier, met directe toegang vanaf de camping<\/strong>, heeft zijn <strong>eigen priv\u00e9strand<\/strong>. Na een lange dag wandelen wil je zeker ontspannen. Strijk neer bij de rivier voor een picknick met vrienden en familie en bewonder de sterrenhemel.<\/p>\n\n\n\n<p class=\"ls-paragraph\">Of je nu van <strong>vissen houdt of<\/strong> niet, het is maar 35 minuten rijden naar <strong>Pas des Ondes<\/strong>. In dit mooie meer, verscholen in de bergen, vind je voorn, brasem, snoek, baars en karper. Je kunt ook waterfietsen, peddels en kajaks huren voor al je <strong>watersportactiviteiten<\/strong>.<\/p>\n\n\n\n<a href=\"https:\/\/www.campinglesclos.com\/nl\/camping-bord-riviere-nyons\/\" id=\"ls-button-block_a30aed0a37308a445727fcb0ea0ec878\" target=\"\" rel=\"\" class=\"ls-button has-m-t m-t-7\" ><span>De rivier<\/span> <i class='clos-fleche-bouton'><\/i><\/a>\n<\/div>\n\n\n\n<div class=\"wp-block-column is-vertically-aligned-center second is-layout-flow wp-block-column-is-layout-flow\" style=\"flex-basis:60%\">\n<figure class=\"wp-block-image size-large\"><img decoding=\"async\" width=\"1024\" height=\"681\" src=\"https:\/\/www.campinglesclos.com\/wp-content\/uploads\/2023\/11\/camping-les-clos-a-nyons-en-bord-de-riviere-dans-la-drome-1024x681.webp\" alt=\"camping romeinse brug\" class=\"wp-image-207\" srcset=\"https:\/\/www.campinglesclos.com\/wp-content\/uploads\/2023\/11\/camping-les-clos-a-nyons-en-bord-de-riviere-dans-la-drome-1024x681.webp 1024w, https:\/\/www.campinglesclos.com\/wp-content\/uploads\/2023\/11\/camping-les-clos-a-nyons-en-bord-de-riviere-dans-la-drome-300x200.webp 300w, https:\/\/www.campinglesclos.com\/wp-content\/uploads\/2023\/11\/camping-les-clos-a-nyons-en-bord-de-riviere-dans-la-drome-768x511.webp 768w, https:\/\/www.campinglesclos.com\/wp-content\/uploads\/2023\/11\/camping-les-clos-a-nyons-en-bord-de-riviere-dans-la-drome-1536x1021.webp 1536w, https:\/\/www.campinglesclos.com\/wp-content\/uploads\/2023\/11\/camping-les-clos-a-nyons-en-bord-de-riviere-dans-la-drome.webp 2000w\" sizes=\"(max-width: 1024px) 100vw, 1024px\" \/><\/figure>\n\n\n\n<div class=\"riviere items\">\n<div class=\"item animated fadeInUp delay-100ms slow\"><i class=\"clos-peche\"><\/i><span>Vissen<\/span><\/div>\n<div class=\"item animated fadeInUp delay-200ms slow\"><i class=\"clos-baignade\"><\/i><span>Zwemmen<\/span><\/div>\n<div class=\"item animated fadeInUp delay-500ms slow\"><i class=\"clos-transat\"><\/i><span>Rust<\/span><\/div>\n<div class=\"item animated fadeInUp delay-1s slow\"><i class=\"clos-lecture\"><\/i><span>Lezen<\/span><\/div>\n<\/div>\n<\/div>\n<\/div>\n\n\r\n    <\/div>\r\n<\/section><section id=\"ls-section-block_31533fcaed7ae365e435b34904c1d77b\" class=\"ls-section  home-parallax has-background-image has-parallax\" >\r\n    <div class=\"ls-section__background-image opacity-100\"><img decoding=\"async\" src=\"https:\/\/www.campinglesclos.com\/wp-content\/uploads\/2023\/11\/camping-les-clos-a-nyons-avec-piscine-chauffee-pres-de-montelimar.webp\" alt=\"piscine chauffe camping\"><\/div>    <div class=\"container \">\r\n        \r\n    <\/div>\r\n<\/section><section id=\"ls-section-block_4a7617f0cc02355f6863266f7a252f69\" class=\"ls-section  home-parallax-bis has-p-t p-t-0 has-p-b p-b-0\" >\r\n        <div class=\"container container--wide\">\r\n        \n\n<div class=\"wp-block-columns is-layout-flex wp-container-core-columns-is-layout-9d6595d7 wp-block-columns-is-layout-flex\">\n<div class=\"wp-block-column first is-layout-flow wp-block-column-is-layout-flow\" style=\"flex-basis:33.33%\"><\/div>\n\n\n\n<div class=\"wp-block-column second m-left has-color-white-background-color has-background is-layout-flow wp-block-column-is-layout-flow\" style=\"flex-basis:66.66%\">\n<h2 class=\"ls__heading wp-block-heading has-text-align-center\">Camping met <em>zwembad<\/em> <br\/>bij Mont\u00e9limar<\/h2>\n\n\n\n<p class=\"ls-paragraph\"><strong>Een uniek uitzicht op de Baronnies<\/strong>, absolute rust, de zon van de Dr\u00f4me&#8230; alles wat je nodig hebt voor een ontspannen duik.<\/p>\n\n\n\n<p class=\"ls-paragraph\"><strong>Het grote zwembad van de camping<\/strong> ligt midden in de natuur en biedt een adembenemend uitzicht op de prachtige bergen van de Baronnies. In een <strong>rustgevende <\/strong>, vredige omgeving kun je gaan zwemmen of gewoon ontspannen.<\/p>\n\n\n\n<p class=\"ls-paragraph\">In het <strong>pierenbadje dat voor de allerkleinsten is gereserveerd<\/strong>, kun je ook momenten van hechting met je kinderen doorbrengen en zien hoe ze hun<strong> eerste stapjes in het water zetten!<\/strong> Kortom, de ideale omstandigheden voor onvergetelijke gezinsmomenten en kostbare momenten van welzijn en ontspanning.<\/p>\n\n\n\n<a href=\"https:\/\/www.campinglesclos.com\/nl\/camping-piscine-nyons\/\" id=\"ls-button-block_ebe047016b4fdab3db5a94b7f34b2a98\" target=\"\" rel=\"\" class=\"ls-button aligncenter has-m-t m-t-7\" ><span>Het zwembad<\/span> <i class='clos-fleche-bouton'><\/i><\/a>\n<\/div>\n<\/div>\n\n\r\n    <\/div>\r\n<\/section><section id=\"ls-section-block_d6718b3b4caf43ef7bca3d84f7247e2f\" class=\"ls-section  home-hebergements\" >\r\n        <div class=\"container container--full\">\r\n        \n\n<div class=\"wp-block-columns is-layout-flex wp-container-core-columns-is-layout-9d6595d7 wp-block-columns-is-layout-flex\">\n<div class=\"wp-block-column first is-layout-flow wp-block-column-is-layout-flow\" style=\"flex-basis:33.33%\">\n<h2 class=\"ls__heading wp-block-heading\">Onze accommodatie<br\/><em>te huur<\/em> in<br\/>la Dr\u00f4me<\/h2>\n\n\n\n<p class=\"ls-paragraph\">Kies uit een ruim aanbod accommodaties en<a href=\"https:\/\/www.campinglesclos.com\/nl\/locatie-nnyons\/\">huuraccommodaties<\/a> die zijn ontworpen met uw welzijn in gedachten tijdens uw verblijf in de Dr\u00f4me Proven\u00e7ale. Onze lodgetenten, stacaravans en huurchalets (stacaravans) combineren comfort en natuur en bieden<strong> aangename leefruimtes en terrassen<\/strong> die onmisbaar zijn om het landschap te bewonderen.<\/p>\n\n\n\n<p class=\"ls-paragraph\">Een voorrecht voor uw verblijf! Reist u met uw tent, camper of caravan? Sommige van onze <strong>kampeerplaatsen liggen aan de oever van de rivier<\/strong> en bieden je een bevoorrechte omgeving, uitzicht, ruimte en privacy.<\/p>\n\n\n\n<p class=\"ls-paragraph\">Je kunt ook profiteren van onze <a href=\"https:\/\/www.campinglesclos.com\/nl\/camping-promotions-nyons\/\">speciale aanbiedingen op de camping<\/a> voor een vakantie die ontdekking en ontspanning combineert voor een geweldige prijs.<\/p>\n\n\n\n<a href=\"https:\/\/www.campinglesclos.com\/nl\/camping-promotions-nyons\/\" id=\"ls-button-block_fc283d051ceac66709111e0047b13177\" target=\"\" rel=\"\" class=\"ls-button has-m-t m-t-7\" ><span>Onze tarieven<\/span> <i class='clos-fleche-bouton'><\/i><\/a>\n<\/div>\n\n\n\n<div class=\"wp-block-column second is-layout-flow wp-block-column-is-layout-flow\" style=\"flex-basis:66.66%\">\n<div id=\"ls-cta-block_775cb992e672a8eff9730b71d90db773\" class=\"ls-cta border-b-l animated fadeInUp delay-100ms slow\">  \n    \n\n<a href=\"https:\/\/www.campinglesclos.com\/nl\/locatie-hebergement-nyons\/\" target=\"\" rel=\"noopener\" class=\"ls-cta__link\">\n\n\t<div class=\"ls-cta__image\"><img decoding=\"async\" src=\"https:\/\/www.campinglesclos.com\/wp-content\/uploads\/2023\/11\/camping-les-clos-a-nyons-les-mobil-homes.webp\" alt=\"camping mobil home\"><\/div>\n\t<div class=\"ls-cta__title\">\n\t\tOnze stacaravans<i class=\"clos-fleche-bouton\"><\/i>\n\t<\/div>\n\n\t\n<\/a><\/div>\n\n\n<div id=\"ls-cta-block_fc59254e1ecb44fccd0baba50cdc43b5\" class=\"ls-cta animated fadeInUp delay-500ms slow\">  \n    \n\n<a href=\"https:\/\/www.campinglesclos.com\/nl\/locatie-nnyons\/\" target=\"\" rel=\"noopener\" class=\"ls-cta__link\">\n\n\t<div class=\"ls-cta__image\"><img decoding=\"async\" src=\"https:\/\/www.campinglesclos.com\/wp-content\/uploads\/2023\/12\/vacances-drome-pas-cher-camping-copie-1.webp\" alt=\"\"><\/div>\n\t<div class=\"ls-cta__title\">\n\t\tOnze locaties<i class=\"clos-fleche-bouton\"><\/i>\n\t<\/div>\n\n\t\n<\/a><\/div><\/div>\n<\/div>\n\n\r\n    <\/div>\r\n<\/section><section id=\"ls-section-block_52cba146ab61822595793728b3a59aee\" class=\"ls-section  home-services has-p-t p-t-0\" >\r\n        <div class=\"container container--wide\">\r\n        \n\n<div class=\"wp-block-columns is-layout-flex wp-container-core-columns-is-layout-9d6595d7 wp-block-columns-is-layout-flex\">\n<div class=\"wp-block-column is-layout-flow wp-block-column-is-layout-flow\" style=\"flex-basis:20%\"><\/div>\n\n\n\n<div class=\"wp-block-column content is-layout-flow wp-block-column-is-layout-flow\" style=\"flex-basis:60%\">\n<h2 class=\"ls__heading wp-block-heading has-text-align-center\">Verblijf op de <em>familiecamping <\/em>in Nyons<\/h2>\n\n\n\n<p class=\"ls-paragraph has-text-align-center\">We doen er alles aan om een <strong>rustige sfeer<\/strong> te behouden op onze <strong>\n  <a href=\"https:\/\/www.campinglesclos.com\/nl\/\">familiecamping in Nyons<\/a>\n<\/strong>in het hart van de Dr\u00f4me Proven\u00e7ale. We bieden <strong>een breed scala aan diensten <\/strong>om je verblijf zo comfortabel mogelijk te maken.<\/p>\n\n\n\n<div class=\"wp-block-columns boutons is-layout-flex wp-container-core-columns-is-layout-9d6595d7 wp-block-columns-is-layout-flex\">\n<div class=\"wp-block-column is-layout-flow wp-block-column-is-layout-flow\">\n<a href=\"https:\/\/www.campinglesclos.com\/nl\/camping-familie-nyons\/\" id=\"services\" target=\"\" rel=\"\" class=\"ls-button aligncenter\" ><span>De diensten<\/span> <i class='clos-fleche-bouton'><\/i><\/a>\n<\/div>\n\n\n\n<div class=\"wp-block-column is-layout-flow wp-block-column-is-layout-flow\">\n<a href=\"https:\/\/www.campinglesclos.com\/nl\/locatie-nnyons\/\" id=\"animations\" target=\"\" rel=\"\" class=\"ls-button aligncenter\" ><span>Amusement<\/span> <i class='clos-fleche-bouton'><\/i><\/a>\n<\/div>\n<\/div>\n<\/div>\n\n\n\n<div class=\"wp-block-column is-layout-flow wp-block-column-is-layout-flow\" style=\"flex-basis:20%\"><\/div>\n<\/div>\n\n\r\n    <\/div>\r\n<\/section><section id=\"ls-section-block_c69db05f3042735c2fd5b65c1cce1a23\" class=\"ls-section  home-decouverte has-p-t p-t-0 has-p-b p-b-0\" >\r\n        <div class=\"container container--wide\">\r\n        \n\n<div class=\"wp-block-columns is-layout-flex wp-container-core-columns-is-layout-9d6595d7 wp-block-columns-is-layout-flex\">\n<div class=\"wp-block-column first is-layout-flow wp-block-column-is-layout-flow\">\n<div class=\"wp-block-columns is-layout-flex wp-container-core-columns-is-layout-9d6595d7 wp-block-columns-is-layout-flex\">\n<div class=\"wp-block-column is-layout-flow wp-block-column-is-layout-flow\">\n<div id=\"ls-cta-block_4e10a06e168d41f07a3029302fb9c2cd\" class=\"ls-cta border-t-l animated fadeInDown delay-100ms slow\">  \n    \n\n<a href=\"https:\/\/www.campinglesclos.com\/nl\/grignan\/\" target=\"\" rel=\"noopener\" class=\"ls-cta__link\">\n\n\t<div class=\"ls-cta__image\"><img decoding=\"async\" src=\"https:\/\/www.campinglesclos.com\/wp-content\/uploads\/2023\/11\/camping-les-clos-a-nyons-proche-de-grignan.webp\" alt=\"vue ensemble de grignan\"><\/div>\n\t<div class=\"ls-cta__title\">\n\t\tGrignan<i class=\"clos-fleche-bouton\"><\/i>\n\t<\/div>\n\n\t\n<\/a><\/div><\/div>\n\n\n\n<div class=\"wp-block-column is-layout-flow wp-block-column-is-layout-flow\">\n<div id=\"ls-cta-block_da3499d7b58a9079f0edadde8c611746\" class=\"ls-cta animated fadeInDown delay-500ms slow\">  \n    \n\n<a href=\"https:\/\/www.campinglesclos.com\/nl\/vaisons-la-romaine\/\" target=\"\" rel=\"noopener\" class=\"ls-cta__link\">\n\n\t<div class=\"ls-cta__image\"><img decoding=\"async\" src=\"https:\/\/www.campinglesclos.com\/wp-content\/uploads\/2023\/11\/camping-les-clos-a-nyons-proche-de-vaison-la-romaine.webp\" alt=\"vaison la romaine camping\"><\/div>\n\t<div class=\"ls-cta__title\">\n\t\tVaison-la-Romaine<i class=\"clos-fleche-bouton\"><\/i>\n\t<\/div>\n\n\t\n<\/a><\/div><\/div>\n<\/div>\n\n\n\n<div class=\"wp-block-columns is-layout-flex wp-container-core-columns-is-layout-9d6595d7 wp-block-columns-is-layout-flex\">\n<div class=\"wp-block-column is-layout-flow wp-block-column-is-layout-flow\">\n<p class=\"ls-paragraph\">Ontdek de pracht van Zuidoost-Frankrijk!<\/p>\n\n\n\n<p class=\"ls-paragraph\"><a href=\"https:\/\/www.campinglesclos.com\/nl\/nyons\/\">Nyons<\/a> is een <strong>mooie stad, rijk aan olijfgaarden<\/strong> en beroemd om zijn<strong> olijfolie<\/strong>, en een bijzonder aangename plek om te wonen. Je ontdekt zijn <strong>wijnen, geclassificeerd onder de appellation C\u00f4tes du Rh\u00f4ne<\/strong>, robuuste rode wijnen en aromatische witte wijnen. <strong>Saint-May<\/strong> is ook een aanrader! Neem na een mooie wandeling even de tijd om<strong> de gieren<\/strong> vanaf de top van deze berg te bewonderen.<\/p>\n\n\n\n<p class=\"ls-paragraph\">Vervolg je ervaring met een bezoek aan <a href=\"https:\/\/www.campinglesclos.com\/nl\/grignan\/\">Grignan<\/a>, zijn kasteel en markt, en <a href=\"https:\/\/www.campinglesclos.com\/nl\/toerisme-mont-ventoux\/\">de Mont Ventoux<\/a>, die een gevoel van<strong>ontsnapping bieden.<\/strong> Doorkruis de wijnroute, ga de <strong>fietsuitdagingen <\/strong>van de \u201cG\u00e9ant de Provence\u201d aan, verken een rijk cultureel erfgoed, adembenemende landschappen en de voortreffelijke lokale keuken. Vanaf de camping kun je ook historische steden als <a href=\"https:\/\/www.campinglesclos.com\/nl\/avignon\/\">Avignon<\/a> en <a href=\"https:\/\/www.campinglesclos.com\/nl\/vaisons-la-romaine\/\">Vaison-la-Romaine<\/a> ontdekken, evenals de vele <a href=\"https:\/\/www.campinglesclos.com\/nl\/activiteiten-droom\/\">sportieve activiteiten<\/a> die een must zijn in de Dr\u00f4me Proven\u00e7ale. <\/p>\n\n\n\n<a href=\"https:\/\/www.campinglesclos.com\/nl\/activiteiten-droom\/\" id=\"ls-button-block_d2066f9612c9196b1f781ebc0d829133\" target=\"\" rel=\"\" class=\"ls-button has-m-t m-t-8\" ><span>Sport<\/span> <i class='clos-fleche-bouton'><\/i><\/a>\n<\/div>\n<\/div>\n<\/div>\n\n\n\n<div class=\"wp-block-column second is-layout-flow wp-block-column-is-layout-flow\">\n<h2 class=\"ls__heading wp-block-heading has-text-align-left\"><em>Ontdekking<\/em> vakantie<br\/>in Dr\u00f4me Proven\u00e7ale<\/h2>\n\n\n\n<div class=\"wp-block-columns is-layout-flex wp-container-core-columns-is-layout-9d6595d7 wp-block-columns-is-layout-flex\">\n<div class=\"wp-block-column is-layout-flow wp-block-column-is-layout-flow\">\n<div id=\"ls-cta-block_f0e6479bb606068423e7dfd56e961d12\" class=\"ls-cta animated fadeInUp delay-100ms slow\">  \n    \n\n<a href=\"https:\/\/www.campinglesclos.com\/nl\/nyons\/\" target=\"\" rel=\"noopener\" class=\"ls-cta__link\">\n\n\t<div class=\"ls-cta__image\"><img decoding=\"async\" src=\"https:\/\/www.campinglesclos.com\/wp-content\/uploads\/2023\/11\/camping-les-clos-camping-a-nyons.webp\" alt=\"nyons vue ensemble\"><\/div>\n\t<div class=\"ls-cta__title\">\n\t\tNyons<i class=\"clos-fleche-bouton\"><\/i>\n\t<\/div>\n\n\t\n<\/a><\/div><\/div>\n\n\n\n<div class=\"wp-block-column is-layout-flow wp-block-column-is-layout-flow\">\n<div id=\"ls-cta-block_5c5d25dd71a2d6e3ad9ed57e3cc31be2\" class=\"ls-cta border-b-r animated fadeInUp delay-500ms slow\">  \n    \n\n<a href=\"https:\/\/www.campinglesclos.com\/nl\/toerisme-mont-ventoux\/\" target=\"\" rel=\"noopener\" class=\"ls-cta__link\">\n\n\t<div class=\"ls-cta__image\"><img decoding=\"async\" src=\"https:\/\/www.campinglesclos.com\/wp-content\/uploads\/2023\/11\/camping-les-clos-a-nyons-proche-du-mont-ventoux.webp\" alt=\"mont ventoux sommet\"><\/div>\n\t<div class=\"ls-cta__title\">\n\t\tMont Ventoux<i class=\"clos-fleche-bouton\"><\/i>\n\t<\/div>\n\n\t\n<\/a><\/div><\/div>\n<\/div>\n<\/div>\n<\/div>\n\n\r\n    <\/div>\r\n<\/section><section id=\"ls-section-block_a8dcbba2581e4c5be56247bc63ba2b21\" class=\"ls-section  home-carte has-p-t p-t-0 has-p-b p-b-0\" >\r\n        <div class=\"container container--full\">\r\n        \n\n<iframe src=\"https:\/\/www.google.com\/maps\/embed?pb=!1m18!1m12!1m3!1d23714.145492414675!2d5.158246770078246!3d44.36565069224011!2m3!1f0!2f0!3f0!3m2!1i1024!2i768!4f13.1!3m3!1m2!1s0x12ca83fe37825925%3A0x461f1bcc04df0a1a!2sCamping%20Les%20Clos!5e0!3m2!1sfr!2sfr!4v1700038147781!5m2!1sfr!2sfr\" width=\"100%\" height=\"450\" style=\"border:0;\" allowfullscreen=\"\" loading=\"lazy\" referrerpolicy=\"no-referrer-when-downgrade\"><\/iframe>\n\n\r\n    <\/div>\r\n<\/section><section id=\"ls-section-block_c3c3b14c7ca67b92f3a282857ecfca3b\" class=\"ls-section  home-faq has-p-t p-t-14 has-p-b p-b-14\" >\r\n        <div class=\"container container--wide\">\r\n        \n\n<div class=\"wp-block-columns is-layout-flex wp-container-core-columns-is-layout-9d6595d7 wp-block-columns-is-layout-flex\">\n<div class=\"wp-block-column is-vertically-aligned-center is-layout-flow wp-block-column-is-layout-flow\" style=\"flex-basis:66.66%\">\n<div id=\"ls-heading ls-titre-div-block_43301a95635cd268a9f2776f98e1323c\" class=\"ls-titre-div aligncenter h2-like\" >\n    Veelgestelde vragen, <\/br> praktische<em>antwoorden<\/em> <\/div>\n\n\n<div id=\"faq\" class=\"faq-container\"><div class=\"faq-wrap\" itemscope=\"\" itemtype=\"https:\/\/schema.org\/FAQPage\"><div class=\"faq__box faq__item\"><div class=\"faq__container\"><div class=\"faq__block\" itemscope=\"\" itemprop=\"mainEntity\" itemtype=\"https:\/\/schema.org\/Question\"><details class=\"faq\"><summary class=\"faq-question\" itemprop=\"name\">Kunnen we naar het dorp lopen?<span class=\"clos-fleche-bouton\"><\/span><\/summary><div class=\"content\" itemscope=\"\" itemprop=\"acceptedAnswer\" itemtype=\"https:\/\/schema.org\/Answer\"><div itemprop=\"text\"><p><em><p>Ja, en er rijdt ook een gratis pendelbus langs de camping.<\/p>\n<\/em><\/p><\/div><\/div><\/details><\/div><\/div><\/div><div class=\"faq__box faq__item\"><div class=\"faq__container\"><div class=\"faq__block\" itemscope=\"\" itemprop=\"mainEntity\" itemtype=\"https:\/\/schema.org\/Question\"><details class=\"faq\"><summary class=\"faq-question\" itemprop=\"name\">Is de camping VACAF-goedgekeurd?<span class=\"clos-fleche-bouton\"><\/span><\/summary><div class=\"content\" itemscope=\"\" itemprop=\"acceptedAnswer\" itemtype=\"https:\/\/schema.org\/Answer\"><div itemprop=\"text\"><p><em><p>Geen<\/p>\n<\/em><\/p><\/div><\/div><\/details><\/div><\/div><\/div><div class=\"faq__box faq__item\"><div class=\"faq__container\"><div class=\"faq__block\" itemscope=\"\" itemprop=\"mainEntity\" itemtype=\"https:\/\/schema.org\/Question\"><details class=\"faq\"><summary class=\"faq-question\" itemprop=\"name\">Ik heb geen boekingsbevestiging of toegangsvoucher ontvangen, wat moet ik doen?  <span class=\"clos-fleche-bouton\"><\/span><\/summary><div class=\"content\" itemscope=\"\" itemprop=\"acceptedAnswer\" itemtype=\"https:\/\/schema.org\/Answer\"><div itemprop=\"text\"><p><em><p>Bel of stuur een e-mail<\/p>\n<\/em><\/p><\/div><\/div><\/details><\/div><\/div><\/div><div class=\"faq__box faq__item\"><div class=\"faq__container\"><div class=\"faq__block\" itemscope=\"\" itemprop=\"mainEntity\" itemtype=\"https:\/\/schema.org\/Question\"><details class=\"faq\"><summary class=\"faq-question\" itemprop=\"name\">Is het mogelijk om buiten de openingstijden van de receptie te arriveren?<span class=\"clos-fleche-bouton\"><\/span><\/summary><div class=\"content\" itemscope=\"\" itemprop=\"acceptedAnswer\" itemtype=\"https:\/\/schema.org\/Answer\"><div itemprop=\"text\"><p><em><p>Geen<\/p>\n<\/em><\/p><\/div><\/div><\/details><\/div><\/div><\/div><div class=\"faq__box faq__item\"><div class=\"faq__container\"><div class=\"faq__block\" itemscope=\"\" itemprop=\"mainEntity\" itemtype=\"https:\/\/schema.org\/Question\"><details class=\"faq\"><summary class=\"faq-question\" itemprop=\"name\">Zijn huisdieren toegestaan in alle delen van de camping?<span class=\"clos-fleche-bouton\"><\/span><\/summary><div class=\"content\" itemscope=\"\" itemprop=\"acceptedAnswer\" itemtype=\"https:\/\/schema.org\/Answer\"><div itemprop=\"text\"><p><em><p>Nee, ze zijn niet toegestaan in het watergebied.<\/p>\n<\/em><\/p><\/div><\/div><\/details><\/div><\/div><\/div><div class=\"faq__box faq__item\"><div class=\"faq__container\"><div class=\"faq__block\" itemscope=\"\" itemprop=\"mainEntity\" itemtype=\"https:\/\/schema.org\/Question\"><details class=\"faq\"><summary class=\"faq-question\" itemprop=\"name\">Kunnen vakantiecheques worden gebruikt om te betalen voor boekingen en activiteiten?<span class=\"clos-fleche-bouton\"><\/span><\/summary><div class=\"content\" itemscope=\"\" itemprop=\"acceptedAnswer\" itemtype=\"https:\/\/schema.org\/Answer\"><div itemprop=\"text\"><p><em><p><span style=\"font-weight: 400;\">Alleen overnachtingen<\/span><\/p>\n<\/em><\/p><\/div><\/div><\/details><\/div><\/div><\/div><div class=\"faq__box faq__item\"><div class=\"faq__container\"><div class=\"faq__block\" itemscope=\"\" itemprop=\"mainEntity\" itemtype=\"https:\/\/schema.org\/Question\"><details class=\"faq\"><summary class=\"faq-question\" itemprop=\"name\">Wat zijn de voorwaarden voor terugbetaling in geval van annulering?<span class=\"clos-fleche-bouton\"><\/span><\/summary><div class=\"content\" itemscope=\"\" itemprop=\"acceptedAnswer\" itemtype=\"https:\/\/schema.org\/Answer\"><div itemprop=\"text\"><p><em><p><span style=\"font-weight: 400;\">Raadpleeg de Algemene voorwaarden<\/span><\/p>\n<\/em><\/p><\/div><\/div><\/details><\/div><\/div><\/div><div class=\"faq__box faq__item\"><div class=\"faq__container\"><div class=\"faq__block\" itemscope=\"\" itemprop=\"mainEntity\" itemtype=\"https:\/\/schema.org\/Question\"><details class=\"faq\"><summary class=\"faq-question\" itemprop=\"name\">Is het mogelijk om mijn boeking te wijzigen?<span class=\"clos-fleche-bouton\"><\/span><\/summary><div class=\"content\" itemscope=\"\" itemprop=\"acceptedAnswer\" itemtype=\"https:\/\/schema.org\/Answer\"><div itemprop=\"text\"><p><em><p><span style=\"font-weight: 400;\">Ja, voor zover mogelijk<\/span><\/p>\n<\/em><\/p><\/div><\/div><\/details><\/div><\/div><\/div><div class=\"faq__box faq__item\"><div class=\"faq__container\"><div class=\"faq__block\" itemscope=\"\" itemprop=\"mainEntity\" itemtype=\"https:\/\/schema.org\/Question\"><details class=\"faq\"><summary class=\"faq-question\" itemprop=\"name\">Heb ik een aanbetaling nodig?<span class=\"clos-fleche-bouton\"><\/span><\/summary><div class=\"content\" itemscope=\"\" itemprop=\"acceptedAnswer\" itemtype=\"https:\/\/schema.org\/Answer\"><div itemprop=\"text\"><p><em><p><span style=\"font-weight: 400;\">Alleen voor huurwoningen<\/span><\/p>\n<\/em><\/p><\/div><\/div><\/details><\/div><\/div><\/div><div class=\"faq__box faq__item\"><div class=\"faq__container\"><div class=\"faq__block\" itemscope=\"\" itemprop=\"mainEntity\" itemtype=\"https:\/\/schema.org\/Question\"><details class=\"faq\"><summary class=\"faq-question\" itemprop=\"name\">Welke documenten moet ik meenemen als ik aankom?<span class=\"clos-fleche-bouton\"><\/span><\/summary><div class=\"content\" itemscope=\"\" itemprop=\"acceptedAnswer\" itemtype=\"https:\/\/schema.org\/Answer\"><div itemprop=\"text\"><p><em><p><span style=\"font-weight: 400;\">Een identiteitsbewijs<\/span><\/p>\n<\/em><\/p><\/div><\/div><\/details><\/div><\/div><\/div><div class=\"faq__box faq__item\"><div class=\"faq__container\"><div class=\"faq__block\" itemscope=\"\" itemprop=\"mainEntity\" itemtype=\"https:\/\/schema.org\/Question\"><details class=\"faq\"><summary class=\"faq-question\" itemprop=\"name\">Is er een annuleringsverzekering?<span class=\"clos-fleche-bouton\"><\/span><\/summary><div class=\"content\" itemscope=\"\" itemprop=\"acceptedAnswer\" itemtype=\"https:\/\/schema.org\/Answer\"><div itemprop=\"text\"><p><em><p>We werken samen met de FFCC. Meer informatie op hun website: &lt;\/a=https:\/\/ffcc.fr\/assurances\/&gt;<\/p>\n<\/em><\/p><\/div><\/div><\/details><\/div><\/div><\/div><span class=\"faq__elipsis lire-plus active\">Lire plus +<\/span><span class=\"faq__elipsis lire-moins\">Lire moins &#8211;<\/span><\/div><\/div><\/div>\n\n\n\n<div class=\"wp-block-column is-vertically-aligned-top is-layout-flow wp-block-column-is-layout-flow\" style=\"flex-basis:33.33%\">\n<div id=\"ls-pdf-block_77a3b4e2b4565f2f18c2c949293c286f\" class=\"ls-pdf\" >\n    <div class=\"ls-pdf__list\">\n                                    <a href=\"https:\/\/www.campinglesclos.com\/wp-content\/uploads\/2023\/12\/PLAN-DU-CAMPING-COULEUR.pdf\" title=\" Plattegrond van de camping\" class=\"ls-pdf__list__item\" target=\"_blank\">\n\n                                            <span class=\"clos-icon-plan\"><\/span>\n                    \n                    <div> Plattegrond van de camping<\/div>\n                <\/a>\n                            <a href=\"https:\/\/www.campinglesclos.com\/wp-content\/uploads\/2023\/12\/CGV-ANGLAIS-FEV2025.pdf\" title=\"Algemene verkoopvoorwaarden\" class=\"ls-pdf__list__item\" target=\"_blank\">\n\n                                            <span class=\"clos-reglement\"><\/span>\n                    \n                    <div>Algemene verkoopvoorwaarden<\/div>\n                <\/a>\n                        <\/div>\n<\/div><\/div>\n<\/div>\n\n\r\n    <\/div>\r\n<\/section><section id=\"ls-section-block_7ec2c779825880869bdf8f760b848fb6\" class=\"ls-section  home-avis has-background-image has-parallax has-background has-color-black-background-color has-p-b p-b-14\" >\r\n    <div class=\"ls-section__background-image opacity-70\"><img decoding=\"async\" src=\"https:\/\/www.campinglesclos.com\/wp-content\/uploads\/2023\/11\/camping-les-clos-a-nyons-champs-de-lavande.webp\" alt=\"champ de lavande\"><\/div>    <div class=\"container container--wide\">\r\n        \n\n<div id=\"ls-heading ls-titre-div-block_233fa5afa67e8c3675fe2e6366abddb1\" class=\"ls-titre-div aligncenter h2-like\" >\n    Ontdek hun <em>avonturen<\/em><\/div>\n\n\n<div class=\"avis-container\"><div class=\"avis\"><img decoding=\"async\" class=\"avis-image\" src=\"https:\/\/www.campinglesclos.com\/wp-content\/uploads\/2023\/11\/AdobeStock_242824577_Preview-copie.jpg\" alt=\"camping nyons pas cher\" \/><div class=\"avis-auteur\"><div class=\"avis-title\">Michel G<\/div><div class=\"avis-content\"><p>Zeer gezellige familiecamping met schaduwrijke plaatsen en de rivier die eronder stroomt voor verkoeling. Evenals vriendelijke eigenaren die naar hun kampeerders luisteren.<\/p>\n<p>Een ideale ligging nabij het stadscentrum waardoor u er te voet naartoe kunt gaan. Wij hebben daar een geweldige vakantie gehad.<\/p>\n<\/div><\/div><div class=\"avis-footer\"><div class=\"avis-etoile-wrapper\"> <span class=\"clos-etoile\"><\/span> <span class=\"clos-etoile\"><\/span> <span class=\"clos-etoile\"><\/span> <span class=\"clos-etoile\"><\/span> <span class=\"clos-etoile\"><\/span><div class=\"avis-etoile\" style=\"width : calc(100% * 1)\"> <span class=\"clos-etoile\"><\/span> <span class=\"clos-etoile\"><\/span> <span class=\"clos-etoile\"><\/span> <span class=\"clos-etoile\"><\/span> <span class=\"clos-etoile\"><\/span> <\/div><\/div><\/div><\/div><div class=\"avis\"><img decoding=\"async\" class=\"avis-image\" src=\"https:\/\/www.campinglesclos.com\/wp-content\/uploads\/2023\/11\/telechargement-6.webp\" alt=\"\" \/><div class=\"avis-auteur\"><div class=\"avis-title\">Lorene B<\/div><div class=\"avis-content\"><p>Echt aangename camping, aan de rivier, rustig, met het gezang van de krekels. De ontvangst is onberispelijk, de nieuwe manager is heel schattig, glimlachend en geeft vooral om het welzijn van haar klanten.<br \/>\nDe camping is op mensenmaat, dus heel goed. Zwembad, snackbar\u2026 alles is aanwezig<br \/>\nDe toiletten, douches\u2026 heel erg schoon.<br \/>\nWe hebben een geweldig verblijf gehad.<br \/>\nBedankt \ud83d\ude4f<\/p>\n<\/div><\/div><div class=\"avis-footer\"><div class=\"avis-etoile-wrapper\"> <span class=\"clos-etoile\"><\/span> <span class=\"clos-etoile\"><\/span> <span class=\"clos-etoile\"><\/span> <span class=\"clos-etoile\"><\/span> <span class=\"clos-etoile\"><\/span><div class=\"avis-etoile\" style=\"width : calc(100% * 1)\"> <span class=\"clos-etoile\"><\/span> <span class=\"clos-etoile\"><\/span> <span class=\"clos-etoile\"><\/span> <span class=\"clos-etoile\"><\/span> <span class=\"clos-etoile\"><\/span> <\/div><\/div><\/div><\/div><div class=\"avis\"><img decoding=\"async\" class=\"avis-image\" src=\"https:\/\/www.campinglesclos.com\/wp-content\/uploads\/2023\/11\/telechargement-20.webp\" alt=\"\" \/><div class=\"avis-auteur\"><div class=\"avis-title\">Frederic B<\/div><div class=\"avis-content\"><p>Kleine, zeer rustige camping waar ontmoetingen worden georganiseerd met lokale producenten met proeverijen, met name een wijnboer \ud83c\udf7e\ud83c\udf47 genaamd D\u00c9D\u00c9 (heilig karakter! \ud83d\ude00)&#8230; zeer goede wijn&#8230; \ud83d\udc4c<\/p>\n<p>Discreet, maar responsief, managers en personeel, echt heel vriendelijk.<br \/>\nWij raden 100% aan \ud83d\udc4d<\/p>\n<\/div><\/div><div class=\"avis-footer\"><div class=\"avis-etoile-wrapper\"> <span class=\"clos-etoile\"><\/span> <span class=\"clos-etoile\"><\/span> <span class=\"clos-etoile\"><\/span> <span class=\"clos-etoile\"><\/span> <span class=\"clos-etoile\"><\/span><div class=\"avis-etoile\" style=\"width : calc(100% * 1)\"> <span class=\"clos-etoile\"><\/span> <span class=\"clos-etoile\"><\/span> <span class=\"clos-etoile\"><\/span> <span class=\"clos-etoile\"><\/span> <span class=\"clos-etoile\"><\/span> <\/div><\/div><\/div><\/div><div class=\"avis\"><img decoding=\"async\" class=\"avis-image\" src=\"https:\/\/www.campinglesclos.com\/wp-content\/uploads\/2023\/11\/telechargement-16.webp\" alt=\"\" \/><div class=\"avis-auteur\"><div class=\"avis-title\">Nicole G<\/div><div class=\"avis-content\"><p>Zeer aangename camping, zeer warm welkom met vriendelijke, beschikbare en zeer meegaande eigenaren. Rustig met goed uitgeruste toegang tot de rivier.<\/p>\n<p>Zeer goed gelegen voor een bezoek aan de regio.<\/p>\n<p>Uitstekend verblijf met vrienden en familie.<\/p>\n<\/div><\/div><div class=\"avis-footer\"><div class=\"avis-etoile-wrapper\"> <span class=\"clos-etoile\"><\/span> <span class=\"clos-etoile\"><\/span> <span class=\"clos-etoile\"><\/span> <span class=\"clos-etoile\"><\/span> <span class=\"clos-etoile\"><\/span><div class=\"avis-etoile\" style=\"width : calc(100% * 1)\"> <span class=\"clos-etoile\"><\/span> <span class=\"clos-etoile\"><\/span> <span class=\"clos-etoile\"><\/span> <span class=\"clos-etoile\"><\/span> <span class=\"clos-etoile\"><\/span> <\/div><\/div><\/div><\/div><\/div>\n\r\n    <\/div>\r\n<\/section>","protected":false},"excerpt":{"rendered":"","protected":false},"author":1,"featured_media":0,"parent":0,"menu_order":0,"comment_status":"closed","ping_status":"closed","template":"","meta":{"_acf_changed":false,"inline_featured_image":false,"footnotes":""},"sujet":[],"class_list":["post-1600","page","type-page","status-publish","hentry"],"acf":[],"yoast_head":"<!-- This site is optimized with the Yoast SEO plugin v23.4 - https:\/\/yoast.com\/wordpress\/plugins\/seo\/ -->\n<title>Camping in Nyons | 4-sterren camping in de Dr\u00f4me Proven\u00e7ale<\/title>\n<meta name=\"description\" content=\"description : Neem de tijd om te ontspannen op de familiecamping Les Clos in Dr\u00f4me Proven\u00e7ale, aan de oever van de rivier in de zon van de regio Rh\u00f4ne-Alpes.\" \/>\n<meta name=\"robots\" content=\"index, follow, max-snippet:-1, max-image-preview:large, max-video-preview:-1\" \/>\n<link rel=\"canonical\" href=\"https:\/\/www.campinglesclos.com\/nl\/\" \/>\n<meta property=\"og:locale\" content=\"nl_NL\" \/>\n<meta property=\"og:type\" content=\"article\" \/>\n<meta property=\"og:title\" content=\"Camping in Nyons | 4-sterren camping in de Dr\u00f4me Proven\u00e7ale\" \/>\n<meta property=\"og:description\" content=\"description : Neem de tijd om te ontspannen op de familiecamping Les Clos in Dr\u00f4me Proven\u00e7ale, aan de oever van de rivier in de zon van de regio Rh\u00f4ne-Alpes.\" \/>\n<meta property=\"og:url\" content=\"https:\/\/www.campinglesclos.com\/nl\/\" \/>\n<meta property=\"og:site_name\" content=\"Camping Les Clos\" \/>\n<meta property=\"article:modified_time\" content=\"2026-01-15T11:28:41+00:00\" \/>\n<meta property=\"og:image\" content=\"https:\/\/www.campinglesclos.com\/wp-content\/uploads\/2023\/11\/camping-les-clos-a-nyons-proche-de-la-riviere-1024x768.webp\" \/>\n<meta name=\"twitter:card\" content=\"summary_large_image\" \/>\n<meta name=\"twitter:label1\" content=\"Geschatte leestijd\" \/>\n\t<meta name=\"twitter:data1\" content=\"6 minuten\" \/>\n<script type=\"application\/ld+json\" class=\"yoast-schema-graph\">{\"@context\":\"https:\/\/schema.org\",\"@graph\":[{\"@type\":\"WebPage\",\"@id\":\"https:\/\/www.campinglesclos.com\/nl\/\",\"url\":\"https:\/\/www.campinglesclos.com\/nl\/\",\"name\":\"Camping in Nyons | 4-sterren camping in de Dr\u00f4me Proven\u00e7ale\",\"isPartOf\":{\"@id\":\"https:\/\/www.campinglesclos.com\/#website\"},\"primaryImageOfPage\":{\"@id\":\"https:\/\/www.campinglesclos.com\/nl\/#primaryimage\"},\"image\":{\"@id\":\"https:\/\/www.campinglesclos.com\/nl\/#primaryimage\"},\"thumbnailUrl\":\"https:\/\/www.campinglesclos.com\/wp-content\/uploads\/2023\/11\/camping-les-clos-a-nyons-proche-de-la-riviere-1024x768.webp\",\"datePublished\":\"2023-11-14T09:48:27+00:00\",\"dateModified\":\"2026-01-15T11:28:41+00:00\",\"description\":\"description : Neem de tijd om te ontspannen op de familiecamping Les Clos in Dr\u00f4me Proven\u00e7ale, aan de oever van de rivier in de zon van de regio Rh\u00f4ne-Alpes.\",\"breadcrumb\":{\"@id\":\"https:\/\/www.campinglesclos.com\/nl\/#breadcrumb\"},\"inLanguage\":\"nl-NL\",\"potentialAction\":[{\"@type\":\"ReadAction\",\"target\":[\"https:\/\/www.campinglesclos.com\/nl\/\"]}]},{\"@type\":\"ImageObject\",\"inLanguage\":\"nl-NL\",\"@id\":\"https:\/\/www.campinglesclos.com\/nl\/#primaryimage\",\"url\":\"https:\/\/www.campinglesclos.com\/wp-content\/uploads\/2023\/11\/camping-les-clos-a-nyons-proche-de-la-riviere-1024x768.webp\",\"contentUrl\":\"https:\/\/www.campinglesclos.com\/wp-content\/uploads\/2023\/11\/camping-les-clos-a-nyons-proche-de-la-riviere-1024x768.webp\"},{\"@type\":\"BreadcrumbList\",\"@id\":\"https:\/\/www.campinglesclos.com\/nl\/#breadcrumb\",\"itemListElement\":[{\"@type\":\"ListItem\",\"position\":1,\"name\":\"Home\",\"item\":\"https:\/\/www.campinglesclos.com\/nl\/\"},{\"@type\":\"ListItem\",\"position\":2,\"name\":\"Camping in de Dr\u00f4me Proven\u00e7ale\"}]},{\"@type\":\"WebSite\",\"@id\":\"https:\/\/www.campinglesclos.com\/#website\",\"url\":\"https:\/\/www.campinglesclos.com\/\",\"name\":\"Camping Les Clos\",\"description\":\"\",\"publisher\":{\"@id\":\"https:\/\/www.campinglesclos.com\/#organization\"},\"potentialAction\":[{\"@type\":\"SearchAction\",\"target\":{\"@type\":\"EntryPoint\",\"urlTemplate\":\"https:\/\/www.campinglesclos.com\/?s={search_term_string}\"},\"query-input\":{\"@type\":\"PropertyValueSpecification\",\"valueRequired\":true,\"valueName\":\"search_term_string\"}}],\"inLanguage\":\"nl-NL\"},{\"@type\":\"Organization\",\"@id\":\"https:\/\/www.campinglesclos.com\/#organization\",\"name\":\"Camping Les Clos\",\"url\":\"https:\/\/www.campinglesclos.com\/\",\"logo\":{\"@type\":\"ImageObject\",\"inLanguage\":\"nl-NL\",\"@id\":\"https:\/\/www.campinglesclos.com\/#\/schema\/logo\/image\/\",\"url\":\"https:\/\/www.campinglesclos.com\/wp-content\/uploads\/2023\/11\/les-clos-logo-du-camping.webp\",\"contentUrl\":\"https:\/\/www.campinglesclos.com\/wp-content\/uploads\/2023\/11\/les-clos-logo-du-camping.webp\",\"width\":578,\"height\":421,\"caption\":\"Camping Les Clos\"},\"image\":{\"@id\":\"https:\/\/www.campinglesclos.com\/#\/schema\/logo\/image\/\"}}]}<\/script>\n<!-- \/ Yoast SEO plugin. -->","yoast_head_json":{"title":"Camping in Nyons | 4-sterren camping in de Dr\u00f4me Proven\u00e7ale","description":"description : Neem de tijd om te ontspannen op de familiecamping Les Clos in Dr\u00f4me Proven\u00e7ale, aan de oever van de rivier in de zon van de regio Rh\u00f4ne-Alpes.","robots":{"index":"index","follow":"follow","max-snippet":"max-snippet:-1","max-image-preview":"max-image-preview:large","max-video-preview":"max-video-preview:-1"},"canonical":"https:\/\/www.campinglesclos.com\/nl\/","og_locale":"nl_NL","og_type":"article","og_title":"Camping in Nyons | 4-sterren camping in de Dr\u00f4me Proven\u00e7ale","og_description":"description : Neem de tijd om te ontspannen op de familiecamping Les Clos in Dr\u00f4me Proven\u00e7ale, aan de oever van de rivier in de zon van de regio Rh\u00f4ne-Alpes.","og_url":"https:\/\/www.campinglesclos.com\/nl\/","og_site_name":"Camping Les Clos","article_modified_time":"2026-01-15T11:28:41+00:00","og_image":[{"url":"https:\/\/www.campinglesclos.com\/wp-content\/uploads\/2023\/11\/camping-les-clos-a-nyons-proche-de-la-riviere-1024x768.webp"}],"twitter_card":"summary_large_image","twitter_misc":{"Geschatte leestijd":"6 minuten"},"schema":{"@context":"https:\/\/schema.org","@graph":[{"@type":"WebPage","@id":"https:\/\/www.campinglesclos.com\/nl\/","url":"https:\/\/www.campinglesclos.com\/nl\/","name":"Camping in Nyons | 4-sterren camping in de Dr\u00f4me Proven\u00e7ale","isPartOf":{"@id":"https:\/\/www.campinglesclos.com\/#website"},"primaryImageOfPage":{"@id":"https:\/\/www.campinglesclos.com\/nl\/#primaryimage"},"image":{"@id":"https:\/\/www.campinglesclos.com\/nl\/#primaryimage"},"thumbnailUrl":"https:\/\/www.campinglesclos.com\/wp-content\/uploads\/2023\/11\/camping-les-clos-a-nyons-proche-de-la-riviere-1024x768.webp","datePublished":"2023-11-14T09:48:27+00:00","dateModified":"2026-01-15T11:28:41+00:00","description":"description : Neem de tijd om te ontspannen op de familiecamping Les Clos in Dr\u00f4me Proven\u00e7ale, aan de oever van de rivier in de zon van de regio Rh\u00f4ne-Alpes.","breadcrumb":{"@id":"https:\/\/www.campinglesclos.com\/nl\/#breadcrumb"},"inLanguage":"nl-NL","potentialAction":[{"@type":"ReadAction","target":["https:\/\/www.campinglesclos.com\/nl\/"]}]},{"@type":"ImageObject","inLanguage":"nl-NL","@id":"https:\/\/www.campinglesclos.com\/nl\/#primaryimage","url":"https:\/\/www.campinglesclos.com\/wp-content\/uploads\/2023\/11\/camping-les-clos-a-nyons-proche-de-la-riviere-1024x768.webp","contentUrl":"https:\/\/www.campinglesclos.com\/wp-content\/uploads\/2023\/11\/camping-les-clos-a-nyons-proche-de-la-riviere-1024x768.webp"},{"@type":"BreadcrumbList","@id":"https:\/\/www.campinglesclos.com\/nl\/#breadcrumb","itemListElement":[{"@type":"ListItem","position":1,"name":"Home","item":"https:\/\/www.campinglesclos.com\/nl\/"},{"@type":"ListItem","position":2,"name":"Camping in de Dr\u00f4me Proven\u00e7ale"}]},{"@type":"WebSite","@id":"https:\/\/www.campinglesclos.com\/#website","url":"https:\/\/www.campinglesclos.com\/","name":"Camping Les Clos","description":"","publisher":{"@id":"https:\/\/www.campinglesclos.com\/#organization"},"potentialAction":[{"@type":"SearchAction","target":{"@type":"EntryPoint","urlTemplate":"https:\/\/www.campinglesclos.com\/?s={search_term_string}"},"query-input":{"@type":"PropertyValueSpecification","valueRequired":true,"valueName":"search_term_string"}}],"inLanguage":"nl-NL"},{"@type":"Organization","@id":"https:\/\/www.campinglesclos.com\/#organization","name":"Camping Les Clos","url":"https:\/\/www.campinglesclos.com\/","logo":{"@type":"ImageObject","inLanguage":"nl-NL","@id":"https:\/\/www.campinglesclos.com\/#\/schema\/logo\/image\/","url":"https:\/\/www.campinglesclos.com\/wp-content\/uploads\/2023\/11\/les-clos-logo-du-camping.webp","contentUrl":"https:\/\/www.campinglesclos.com\/wp-content\/uploads\/2023\/11\/les-clos-logo-du-camping.webp","width":578,"height":421,"caption":"Camping Les Clos"},"image":{"@id":"https:\/\/www.campinglesclos.com\/#\/schema\/logo\/image\/"}}]}},"_links":{"self":[{"href":"https:\/\/www.campinglesclos.com\/nl\/wp-json\/wp\/v2\/pages\/1600","targetHints":{"allow":["GET"]}}],"collection":[{"href":"https:\/\/www.campinglesclos.com\/nl\/wp-json\/wp\/v2\/pages"}],"about":[{"href":"https:\/\/www.campinglesclos.com\/nl\/wp-json\/wp\/v2\/types\/page"}],"author":[{"embeddable":true,"href":"https:\/\/www.campinglesclos.com\/nl\/wp-json\/wp\/v2\/users\/1"}],"replies":[{"embeddable":true,"href":"https:\/\/www.campinglesclos.com\/nl\/wp-json\/wp\/v2\/comments?post=1600"}],"version-history":[{"count":15,"href":"https:\/\/www.campinglesclos.com\/nl\/wp-json\/wp\/v2\/pages\/1600\/revisions"}],"predecessor-version":[{"id":2498,"href":"https:\/\/www.campinglesclos.com\/nl\/wp-json\/wp\/v2\/pages\/1600\/revisions\/2498"}],"wp:attachment":[{"href":"https:\/\/www.campinglesclos.com\/nl\/wp-json\/wp\/v2\/media?parent=1600"}],"wp:term":[{"taxonomy":"sujet","embeddable":true,"href":"https:\/\/www.campinglesclos.com\/nl\/wp-json\/wp\/v2\/sujet?post=1600"}],"curies":[{"name":"wp","href":"https:\/\/api.w.org\/{rel}","templated":true}]}}